{"id":240854,"date":"2022-01-21T13:28:52","date_gmt":"2022-01-21T13:28:52","guid":{"rendered":"http:\/\/www.museumducoquillage.com\/?page_id=240854"},"modified":"2022-02-21T11:27:31","modified_gmt":"2022-02-21T11:27:31","slug":"les-evenements","status":"publish","type":"page","link":"https:\/\/www.museumducoquillage.com\/en\/les-evenements\/","title":{"rendered":"Les Ev\u00e8nements"},"content":{"rendered":"<p>[et_pb_section fb_built=\u00a0\u00bb1&Prime; next_background_color=\u00a0\u00bb#ffffff\u00a0\u00bb admin_label=\u00a0\u00bbHeader\u00a0\u00bb module_class=\u00a0\u00bb.bg-pan-right{-webkit-animation:bg-pan-right 8s both;animation:bg-pan-right 8s both}\u00a0\u00bb _builder_version=\u00a0\u00bb4.14.7&Prime; _module_preset=\u00a0\u00bbdefault\u00a0\u00bb background_color=\u00a0\u00bb#BFAFA0&Prime; use_background_color_gradient=\u00a0\u00bbon\u00a0\u00bb background_color_gradient_start=\u00a0\u00bb#bfafa0&Prime; background_color_gradient_end=\u00a0\u00bbrgba(119,110,101,0.33)\u00a0\u00bb background_color_gradient_start_position=\u00a0\u00bb23%\u00a0\u00bb background_color_gradient_overlays_image=\u00a0\u00bbon\u00a0\u00bb background_enable_image=\u00a0\u00bboff\u00a0\u00bb custom_margin=\u00a0\u00bb0px||||false|false\u00a0\u00bb custom_padding=\u00a0\u00bb4px||300px||false|false\u00a0\u00bb bottom_divider_style=\u00a0\u00bbwave2&Prime; bottom_divider_flip=\u00a0\u00bbhorizontal|vertical\u00a0\u00bb custom_css_main_element=\u00a0\u00bbbackground-repeat: no-repeat;||background-attachment: fixed;||background-size: cover;||\u00a0\u00bb global_colors_info=\u00a0\u00bb{}\u00a0\u00bb][\/et_pb_section][et_pb_section fb_built=\u00a0\u00bb1&Prime; admin_label=\u00a0\u00bbLes Informations Horaires\u00a0\u00bb module_id=\u00a0\u00bbhoraires\u00a0\u00bb _builder_version=\u00a0\u00bb4.14.6&Prime; _module_preset=\u00a0\u00bbdefault\u00a0\u00bb background_enable_color=\u00a0\u00bboff\u00a0\u00bb background_color_gradient_start=\u00a0\u00bbrgba(119,110,101,0.7)\u00a0\u00bb background_color_gradient_end=\u00a0\u00bbrgba(255,255,255,0.6)\u00a0\u00bb background_enable_image=\u00a0\u00bboff\u00a0\u00bb custom_margin=\u00a0\u00bb-11px|||||\u00a0\u00bb custom_padding=\u00a0\u00bb11px||34px|||\u00a0\u00bb global_colors_info=\u00a0\u00bb{}\u00a0\u00bb][et_pb_row _builder_version=\u00a0\u00bb4.14.4&Prime; _module_preset=\u00a0\u00bbdefault\u00a0\u00bb custom_margin=\u00a0\u00bb|auto|25px|auto|false|false\u00a0\u00bb custom_padding=\u00a0\u00bb122px|||||\u00a0\u00bb global_colors_info=\u00a0\u00bb{}\u00a0\u00bb][et_pb_column type=\u00a0\u00bb4_4&Prime; _builder_version=\u00a0\u00bb4.14.4&Prime; _module_preset=\u00a0\u00bbdefault\u00a0\u00bb global_colors_info=\u00a0\u00bb{}\u00a0\u00bb][et_pb_text _builder_version=\u00a0\u00bb4.14.6&Prime; _module_preset=\u00a0\u00bbdefault\u00a0\u00bb text_font=\u00a0\u00bb|||on|||||\u00a0\u00bb text_text_color=\u00a0\u00bb#ffffff\u00a0\u00bb header_2_font=\u00a0\u00bbABeeZee||||||||\u00a0\u00bb header_2_text_align=\u00a0\u00bbcenter\u00a0\u00bb header_2_text_color=\u00a0\u00bb#776E65&Prime; custom_margin=\u00a0\u00bb||0px||false|false\u00a0\u00bb custom_padding=\u00a0\u00bb||0px||false|false\u00a0\u00bb global_colors_info=\u00a0\u00bb{}\u00a0\u00bb]<\/p>\n<h2>Les Ev\u00e8nements<\/h2>\n<p>[\/et_pb_text][et_pb_divider color=\u00a0\u00bb#776E65&Prime; _builder_version=\u00a0\u00bb4.14.7&Prime; _module_preset=\u00a0\u00bbdefault\u00a0\u00bb width=\u00a0\u00bb10%\u00a0\u00bb width_tablet=\u00a0\u00bb30%\u00a0\u00bb width_phone=\u00a0\u00bb28%\u00a0\u00bb width_last_edited=\u00a0\u00bbon|tablet\u00a0\u00bb module_alignment=\u00a0\u00bbcenter\u00a0\u00bb custom_margin=\u00a0\u00bb0px||0px||false|false\u00a0\u00bb custom_padding=\u00a0\u00bb0px||0px||false|false\u00a0\u00bb global_colors_info=\u00a0\u00bb{}\u00a0\u00bb][\/et_pb_divider][et_pb_text _builder_version=\u00a0\u00bb4.14.6&Prime; _module_preset=\u00a0\u00bbdefault\u00a0\u00bb header_text_align=\u00a0\u00bbcenter\u00a0\u00bb header_3_font=\u00a0\u00bbquickpen||||||||\u00a0\u00bb header_3_text_align=\u00a0\u00bbcenter\u00a0\u00bb header_3_text_color=\u00a0\u00bb#776E65&Prime; header_3_font_size=\u00a0\u00bb44px\u00a0\u00bb text_orientation=\u00a0\u00bbcenter\u00a0\u00bb module_alignment=\u00a0\u00bbcenter\u00a0\u00bb global_colors_info=\u00a0\u00bb{}\u00a0\u00bb]<\/p>\n<h3>Agenda<\/h3>\n<p>[\/et_pb_text][\/et_pb_column][\/et_pb_row][et_pb_row _builder_version=\u00a0\u00bb4.14.6&Prime; _module_preset=\u00a0\u00bbdefault\u00a0\u00bb max_width=\u00a0\u00bb752px\u00a0\u00bb global_colors_info=\u00a0\u00bb{}\u00a0\u00bb][et_pb_column type=\u00a0\u00bb4_4&Prime; _builder_version=\u00a0\u00bb4.14.6&Prime; _module_preset=\u00a0\u00bbdefault\u00a0\u00bb global_colors_info=\u00a0\u00bb{}\u00a0\u00bb][et_pb_text _builder_version=\u00a0\u00bb4.14.8&Prime; _module_preset=\u00a0\u00bbdefault\u00a0\u00bb header_6_font=\u00a0\u00bbABeeZee||||||||\u00a0\u00bb header_6_text_color=\u00a0\u00bb#776E65&Prime; header_6_font_size=\u00a0\u00bb18px\u00a0\u00bb hover_enabled=\u00a0\u00bb0&Prime; custom_css_main_element=\u00a0\u00bbdiv.ayaline_sit_pagination{||  text-align: center;||    background-color: #725A42;||    padding: 5px 10px;||    margin-bottom: 15px;||    color: #FFF;||    border: 1px solid #2D2319;||    border-radius: 5px;||    position: relative;||}||\u00a0\u00bb global_colors_info=\u00a0\u00bb{}\u00a0\u00bb sticky_enabled=\u00a0\u00bb0&Prime;]<\/p>\n<div class=\"content\">\n<p><!-- D\u00e9but Widget SIT aYaline --><\/p>\n<div class=\"ayaline_sit_conteur_par_defaut\" id=\"ext-gen1018\">\n<p>&nbsp;<\/p>\n<div id=\"ayaline_sit_widget_liste\" class=\"ayaline_sit_widget\">\n<div>\n<div xmlns:xs=\"https:\/\/www.w3.org\/2001\/XMLSchema\" xmlns:exslt-date=\"https:\/\/exslt.org\/dates-and-times\" xmlns:itourisme-date=\"xalan:\/\/itourisme.helpers.DateHelper\" class=\"ayaline_sit_nb_total\">\n<h6><strong>67<\/strong>\u00a0fiche(s) correspond(ent) \u00e0 votre recherche.<\/h6>\n<\/div>\n<h5 class=\"ayaline_sit_pagination\">\u2039\u2039<span> \u2013 <\/span>\u2039<span> \u2013 <\/span><span><strong title=\"Page\u00a01\">1<\/strong><span> \u2013 <\/span><a class=\"ayaline_sit_page_numero ayaline_sit_pagination_faite\" rel=\"2\" title=\"Page\u00a02\" id=\"ext-gen1021\"><\/a>2<span> \u2013 <\/span><a class=\"ayaline_sit_page_numero ayaline_sit_pagination_faite\" rel=\"3\" title=\"Page\u00a03\" id=\"ext-gen1022\"><\/a>3<span> \u2013 <\/span><a class=\"ayaline_sit_page_numero ayaline_sit_pagination_faite\" rel=\"4\" title=\"Page\u00a04\" id=\"ext-gen1023\"><\/a>4<\/span><span> \u2013 <\/span><a class=\"ayaline_sit_page_suivante ayaline_sit_pagination_faite\" title=\"Page suivante\" id=\"ext-gen1024\"><\/a>\u203a<span> \u2013 <\/span><a class=\"ayaline_sit_derniere_page ayaline_sit_pagination_faite\" title=\"Derni\u00e8re page\" id=\"ext-gen1025\"><\/a>\u203a\u203a<\/h5>\n<div class=\"ayaline_sit_pagination\"><\/div>\n<div class=\"ayaline_sit_pagination\"><\/div>\n<ul class=\"ayaline_sit_liste_fiches\">\n<li><a target=\"_blank\" href=\"https:\/\/www.lessablesdolonne-tourisme.com\/Fiche\/Detail\/30610\/Decouvrir~Agenda-Evenements~Tout-l-agenda\" rel=\"#f30610 noopener\"><img decoding=\"async\" alt=\"\" loading=\"lazy\" width=\"180\" src=\"https:\/\/lsdo-dw.ayaline.com\/servlets\/Web?tache=TraitementImage&amp;idP=30610&amp;no=1&amp;l=180\" \/><\/a>\n<div class=\"ayaline_sit_contenu_item_liste\">\n<div style=\"margin-left: 190px;\">\n<h2><a target=\"_blank\" href=\"https:\/\/www.lessablesdolonne-tourisme.com\/Fiche\/Detail\/30610\/Decouvrir~Agenda-Evenements~Tout-l-agenda\" rel=\"#f30610 noopener\"><img decoding=\"async\" class=\"ayaline_sit_categorie_item_liste\" src=\"http:\/\/lsdo-dw.ayaline.com:80\/fichiers\/categories\/icons\/4.png\" alt=\"F\u00eates et manifestations\" title=\"F\u00eates et manifestations\" \/>Exposition \u00ab\u00a0Curiosit\u00e9s\u00a0\u00bb <\/a><\/h2>\n<div class=\"ayaline_sit_ville_item_liste\"><strong>LES SABLES D&rsquo;OLONNE<\/strong><\/div>\n<p class=\"ayaline_sit_commentaire_item_liste\">La bo\u00eete, dans l\u2019art du XX\u00e8me si\u00e8cle, joue un r\u00f4le tout particulier. Presque comme un genre en \u2026<\/p>\n<div class=\"ayaline_sit_ligne_date ayaline_sit_premiere_ligne_date\"><span>Du\u00a0<strong>22\/11\/2020<\/strong> au\u00a0<strong>06\/03\/2022<\/strong><\/span><\/div>\n<\/div>\n<div class=\"ayaline_sit_overflow_hidden\"><a class=\"ayaline_sit_en_savoir_plus\" target=\"_blank\" href=\"https:\/\/www.lessablesdolonne-tourisme.com\/Fiche\/Detail\/30610\/Decouvrir~Agenda-Evenements~Tout-l-agenda\" rel=\"#f30610 noopener\" title=\"En savoir plus sur\u00a0:\u00a0Exposition &quot;Curiosit\u00e9s&quot; \"><span class=\"ayaline_sit_triangle ayaline_sit_triangle_blanc\">\u00a0<\/span>En savoir plus<\/a><\/div>\n<\/div>\n<div class=\"ayaline_sit_clear_both\"><\/div>\n<\/li>\n<li><a target=\"_blank\" href=\"https:\/\/www.lessablesdolonne-tourisme.com\/Fiche\/Detail\/30611\/Decouvrir~Agenda-Evenements~Tout-l-agenda\" rel=\"#f30611 noopener\"><img decoding=\"async\" alt=\"\" loading=\"lazy\" width=\"180\" src=\"https:\/\/lsdo-dw.ayaline.com\/servlets\/Web?tache=TraitementImage&amp;idP=30611&amp;no=1&amp;l=180\" \/><\/a>\n<div class=\"ayaline_sit_contenu_item_liste\">\n<div style=\"margin-left: 190px;\">\n<h2><a target=\"_blank\" href=\"https:\/\/www.lessablesdolonne-tourisme.com\/Fiche\/Detail\/30611\/Decouvrir~Agenda-Evenements~Tout-l-agenda\" rel=\"#f30611 noopener\"><img decoding=\"async\" class=\"ayaline_sit_categorie_item_liste\" src=\"http:\/\/lsdo-dw.ayaline.com:80\/fichiers\/categories\/icons\/4.png\" alt=\"F\u00eates et manifestations\" title=\"F\u00eates et manifestations\" \/>Exposition \u00ab\u00a0Les Bo\u00eetes\u00a0\u00bb d\u2019Henri Guitton<\/a><\/h2>\n<div class=\"ayaline_sit_ville_item_liste\"><strong>LES SABLES D&rsquo;OLONNE<\/strong><\/div>\n<p class=\"ayaline_sit_commentaire_item_liste\">Henri Guitton, enseignant et amateur de p\u00eache install\u00e9 aux Sables d\u2019Olonne, semble a priori bien \u2026<\/p>\n<div class=\"ayaline_sit_ligne_date ayaline_sit_premiere_ligne_date\"><span>Du\u00a0<strong>22\/11\/2020<\/strong> au\u00a0<strong>06\/03\/2022<\/strong><\/span><\/div>\n<\/div>\n<div class=\"ayaline_sit_overflow_hidden\"><a class=\"ayaline_sit_en_savoir_plus\" target=\"_blank\" href=\"https:\/\/www.lessablesdolonne-tourisme.com\/Fiche\/Detail\/30611\/Decouvrir~Agenda-Evenements~Tout-l-agenda\" rel=\"#f30611 noopener\" title=\"En savoir plus sur\u00a0:\u00a0Exposition &quot;Les Bo\u00eetes&quot; d\u2019Henri Guitton\"><span class=\"ayaline_sit_triangle ayaline_sit_triangle_blanc\">\u00a0<\/span>En savoir plus<\/a><\/div>\n<\/div>\n<div class=\"ayaline_sit_clear_both\"><\/div>\n<\/li>\n<li><a target=\"_blank\" href=\"https:\/\/www.lessablesdolonne-tourisme.com\/Fiche\/Detail\/31231\/Decouvrir~Agenda-Evenements~Tout-l-agenda\" rel=\"#f31231 noopener\"><img decoding=\"async\" alt=\"\" loading=\"lazy\" width=\"180\" src=\"https:\/\/lsdo-dw.ayaline.com\/servlets\/Web?tache=TraitementImage&amp;idP=31231&amp;no=1&amp;l=180\" \/><\/a>\n<div class=\"ayaline_sit_contenu_item_liste\">\n<div style=\"margin-left: 190px;\">\n<h2><a target=\"_blank\" href=\"https:\/\/www.lessablesdolonne-tourisme.com\/Fiche\/Detail\/31231\/Decouvrir~Agenda-Evenements~Tout-l-agenda\" rel=\"#f31231 noopener\"><img decoding=\"async\" class=\"ayaline_sit_categorie_item_liste\" src=\"http:\/\/lsdo-dw.ayaline.com:80\/fichiers\/categories\/icons\/4.png\" alt=\"F\u00eates et manifestations\" title=\"F\u00eates et manifestations\" \/>C\u00e9r\u00e9monie des v\u0153ux de la Ville et de l&rsquo;Agglom\u00e9ration<\/a><\/h2>\n<div class=\"ayaline_sit_ville_item_liste\"><strong>LES SABLES D&rsquo;OLONNE<\/strong><\/div>\n<p class=\"ayaline_sit_commentaire_item_liste\">Le contexte sanitaire a contraint la Ville et l&rsquo;Agglo \u00e0 repenser la traditionnelle c\u00e9r\u00e9monie de \u2026<\/p>\n<div class=\"ayaline_sit_ligne_date ayaline_sit_premiere_ligne_date\"><span>Le\u00a0<strong>28\/01\/2022<\/strong><\/span><\/div>\n<\/div>\n<div class=\"ayaline_sit_overflow_hidden\"><a class=\"ayaline_sit_en_savoir_plus\" target=\"_blank\" href=\"https:\/\/www.lessablesdolonne-tourisme.com\/Fiche\/Detail\/31231\/Decouvrir~Agenda-Evenements~Tout-l-agenda\" rel=\"#f31231 noopener\" title=\"En savoir plus sur\u00a0:\u00a0C\u00e9r\u00e9monie des v\u0153ux de la Ville et de l&#039;Agglom\u00e9ration\"><span class=\"ayaline_sit_triangle ayaline_sit_triangle_blanc\">\u00a0<\/span>En savoir plus<\/a><\/div>\n<\/div>\n<div class=\"ayaline_sit_clear_both\"><\/div>\n<\/li>\n<li><a target=\"_blank\" href=\"https:\/\/www.lessablesdolonne-tourisme.com\/Fiche\/Detail\/32118\/Decouvrir~Agenda-Evenements~Tout-l-agenda\" rel=\"#f32118 noopener\"><img decoding=\"async\" alt=\"\" loading=\"lazy\" width=\"180\" src=\"https:\/\/lsdo-dw.ayaline.com\/servlets\/Web?tache=TraitementImage&amp;idP=32118&amp;no=1&amp;l=180\" \/><\/a>\n<div class=\"ayaline_sit_contenu_item_liste\">\n<div style=\"margin-left: 190px;\">\n<h2><a target=\"_blank\" href=\"https:\/\/www.lessablesdolonne-tourisme.com\/Fiche\/Detail\/32118\/Decouvrir~Agenda-Evenements~Tout-l-agenda\" rel=\"#f32118 noopener\"><img decoding=\"async\" class=\"ayaline_sit_categorie_item_liste\" src=\"http:\/\/lsdo-dw.ayaline.com:80\/fichiers\/categories\/icons\/4.png\" alt=\"F\u00eates et manifestations\" title=\"F\u00eates et manifestations\" \/>Danse &#8211; N\u2019Speak Easy <\/a><\/h2>\n<div class=\"ayaline_sit_ville_item_liste\"><strong>LES SABLES D&rsquo;OLONNE<\/strong><\/div>\n<p class=\"ayaline_sit_commentaire_item_liste\">Les champions du monde de danse hip hop revisitent l\u2019\u00e9poque de la prohibition. Dance N\u2019 Speak Easy \u2026<\/p>\n<div class=\"ayaline_sit_ligne_date ayaline_sit_premiere_ligne_date\"><span>Le\u00a0<strong>28\/01\/2022<\/strong><\/span><\/div>\n<\/div>\n<div class=\"ayaline_sit_overflow_hidden\"><a class=\"ayaline_sit_en_savoir_plus\" target=\"_blank\" href=\"https:\/\/www.lessablesdolonne-tourisme.com\/Fiche\/Detail\/32118\/Decouvrir~Agenda-Evenements~Tout-l-agenda\" rel=\"#f32118 noopener\" title=\"En savoir plus sur\u00a0:\u00a0Danse - N\u2019Speak Easy \"><span class=\"ayaline_sit_triangle ayaline_sit_triangle_blanc\">\u00a0<\/span>En savoir plus<\/a><\/div>\n<\/div>\n<div class=\"ayaline_sit_clear_both\"><\/div>\n<\/li>\n<li><a target=\"_blank\" href=\"https:\/\/www.lessablesdolonne-tourisme.com\/Fiche\/Detail\/32120\/Decouvrir~Agenda-Evenements~Tout-l-agenda\" rel=\"#f32120 noopener\"><img decoding=\"async\" alt=\"\" loading=\"lazy\" width=\"180\" src=\"https:\/\/lsdo-dw.ayaline.com\/servlets\/Web?tache=TraitementImage&amp;idP=32120&amp;no=1&amp;l=180\" \/><\/a>\n<div class=\"ayaline_sit_contenu_item_liste\">\n<div style=\"margin-left: 190px;\">\n<h2><a target=\"_blank\" href=\"https:\/\/www.lessablesdolonne-tourisme.com\/Fiche\/Detail\/32120\/Decouvrir~Agenda-Evenements~Tout-l-agenda\" rel=\"#f32120 noopener\"><img decoding=\"async\" class=\"ayaline_sit_categorie_item_liste\" src=\"http:\/\/lsdo-dw.ayaline.com:80\/fichiers\/categories\/icons\/4.png\" alt=\"F\u00eates et manifestations\" title=\"F\u00eates et manifestations\" \/>Th\u00e9\u00e2tre &#8211; Marie des Poules<\/a><\/h2>\n<div class=\"ayaline_sit_ville_item_liste\"><strong>LES SABLES D&rsquo;OLONNE<\/strong><\/div>\n<p class=\"ayaline_sit_commentaire_item_liste\">George Sand et Marie Caillaud : 2 femmes, 2 destins, un m\u00eame combat pour la libert\u00e9 ! Lorsque, \u00e0 \u2026<\/p>\n<div class=\"ayaline_sit_ligne_date ayaline_sit_premiere_ligne_date\"><span>Le\u00a0<strong>01\/02\/2022<\/strong><\/span><\/div>\n<\/div>\n<div class=\"ayaline_sit_overflow_hidden\"><a class=\"ayaline_sit_en_savoir_plus\" target=\"_blank\" href=\"https:\/\/www.lessablesdolonne-tourisme.com\/Fiche\/Detail\/32120\/Decouvrir~Agenda-Evenements~Tout-l-agenda\" rel=\"#f32120 noopener\" title=\"En savoir plus sur\u00a0:\u00a0Th\u00e9\u00e2tre - Marie des Poules\"><span class=\"ayaline_sit_triangle ayaline_sit_triangle_blanc\">\u00a0<\/span>En savoir plus<\/a><\/div>\n<\/div>\n<div class=\"ayaline_sit_clear_both\"><\/div>\n<\/li>\n<li><a target=\"_blank\" href=\"https:\/\/www.lessablesdolonne-tourisme.com\/Fiche\/Detail\/28400\/Decouvrir~Agenda-Evenements~Tout-l-agenda\" rel=\"#f28400 noopener\"><img decoding=\"async\" alt=\"\" loading=\"lazy\" width=\"180\" src=\"https:\/\/lsdo-dw.ayaline.com\/servlets\/Web?tache=TraitementImage&amp;idP=28400&amp;no=1&amp;l=180\" \/><\/a>\n<div class=\"ayaline_sit_contenu_item_liste\">\n<div style=\"margin-left: 190px;\">\n<h2><a target=\"_blank\" href=\"https:\/\/www.lessablesdolonne-tourisme.com\/Fiche\/Detail\/28400\/Decouvrir~Agenda-Evenements~Tout-l-agenda\" rel=\"#f28400 noopener\"><img decoding=\"async\" class=\"ayaline_sit_categorie_item_liste\" src=\"http:\/\/lsdo-dw.ayaline.com:80\/fichiers\/categories\/icons\/4.png\" alt=\"F\u00eates et manifestations\" title=\"F\u00eates et manifestations\" \/>Festival de Magie &#8211; Les Fantaisies d&rsquo;Arthur<\/a><\/h2>\n<div class=\"ayaline_sit_ville_item_liste\"><strong>SAINTE FOY<\/strong><\/div>\n<p class=\"ayaline_sit_commentaire_item_liste\">Arthur Tivoli \u00ab Les Fantaisies d\u2019Arthur \u00bb Un cocktail survitamin\u00e9 de bonne humeur. Certes il fait \u2026<\/p>\n<div class=\"ayaline_sit_ligne_date ayaline_sit_premiere_ligne_date\"><span>Le\u00a0<strong>02\/02\/2022<\/strong><\/span><\/div>\n<\/div>\n<div class=\"ayaline_sit_overflow_hidden\"><a class=\"ayaline_sit_en_savoir_plus\" target=\"_blank\" href=\"https:\/\/www.lessablesdolonne-tourisme.com\/Fiche\/Detail\/28400\/Decouvrir~Agenda-Evenements~Tout-l-agenda\" rel=\"#f28400 noopener\" title=\"En savoir plus sur\u00a0:\u00a0Festival de Magie - Les Fantaisies d&#039;Arthur\"><span class=\"ayaline_sit_triangle ayaline_sit_triangle_blanc\">\u00a0<\/span>En savoir plus<\/a><\/div>\n<\/div>\n<div class=\"ayaline_sit_clear_both\"><\/div>\n<\/li>\n<li><a target=\"_blank\" href=\"https:\/\/www.lessablesdolonne-tourisme.com\/Fiche\/Detail\/30607\/Decouvrir~Agenda-Evenements~Tout-l-agenda\" rel=\"#f30607 noopener\"><img decoding=\"async\" alt=\"\" loading=\"lazy\" width=\"180\" src=\"https:\/\/lsdo-dw.ayaline.com\/servlets\/Web?tache=TraitementImage&amp;idP=30607&amp;no=1&amp;l=180\" \/><\/a>\n<div class=\"ayaline_sit_contenu_item_liste\">\n<div style=\"margin-left: 190px;\">\n<h2><a target=\"_blank\" href=\"https:\/\/www.lessablesdolonne-tourisme.com\/Fiche\/Detail\/30607\/Decouvrir~Agenda-Evenements~Tout-l-agenda\" rel=\"#f30607 noopener\"><img decoding=\"async\" class=\"ayaline_sit_categorie_item_liste\" src=\"http:\/\/lsdo-dw.ayaline.com:80\/fichiers\/categories\/icons\/4.png\" alt=\"F\u00eates et manifestations\" title=\"F\u00eates et manifestations\" \/>Jam Session au Chai Louis<\/a><\/h2>\n<div class=\"ayaline_sit_ville_item_liste\"><strong>LES SABLES D&rsquo;OLONNE<\/strong><\/div>\n<p class=\"ayaline_sit_commentaire_item_liste\">Chaque premier jeudi du mois, le Chai Louis ouvre sa sc\u00e8ne aux musiciens pour sa jam session. \u2026<\/p>\n<div class=\"ayaline_sit_ligne_date ayaline_sit_premiere_ligne_date\"><span>Le\u00a0<strong>03\/02\/2022<\/strong><\/span> <a class=\"ayaline_sit_plus_de_dates\" title=\"Plus de dates\">Plus de dates<\/a><\/div>\n<div class=\"ayaline_sit_ligne_date\"><span>Le\u00a0<strong>03\/03\/2022<\/strong><\/span><\/div>\n<div class=\"ayaline_sit_ligne_date\"><span>Le\u00a0<strong>07\/04\/2022<\/strong><\/span><\/div>\n<div class=\"ayaline_sit_ligne_date\"><span>Le\u00a0<strong>05\/05\/2022<\/strong><\/span><\/div>\n<div class=\"ayaline_sit_ligne_date\"><span>Le\u00a0<strong>02\/06\/2022<\/strong><\/span><\/div>\n<\/div>\n<div class=\"ayaline_sit_overflow_hidden\"><a class=\"ayaline_sit_en_savoir_plus\" target=\"_blank\" href=\"https:\/\/www.lessablesdolonne-tourisme.com\/Fiche\/Detail\/30607\/Decouvrir~Agenda-Evenements~Tout-l-agenda\" rel=\"#f30607 noopener\" title=\"En savoir plus sur\u00a0:\u00a0Jam Session au Chai Louis\"><span class=\"ayaline_sit_triangle ayaline_sit_triangle_blanc\">\u00a0<\/span>En savoir plus<\/a><\/div>\n<\/div>\n<div class=\"ayaline_sit_clear_both\"><\/div>\n<\/li>\n<li><a target=\"_blank\" href=\"https:\/\/www.lessablesdolonne-tourisme.com\/Fiche\/Detail\/30205\/Decouvrir~Agenda-Evenements~Tout-l-agenda\" rel=\"#f30205 noopener\"><img decoding=\"async\" alt=\"\" loading=\"lazy\" width=\"180\" src=\"https:\/\/lsdo-dw.ayaline.com\/servlets\/Web?tache=TraitementImage&amp;idP=30205&amp;no=1&amp;l=180\" \/><\/a>\n<div class=\"ayaline_sit_contenu_item_liste\">\n<div style=\"margin-left: 190px;\">\n<h2><a target=\"_blank\" href=\"https:\/\/www.lessablesdolonne-tourisme.com\/Fiche\/Detail\/30205\/Decouvrir~Agenda-Evenements~Tout-l-agenda\" rel=\"#f30205 noopener\"><img decoding=\"async\" class=\"ayaline_sit_categorie_item_liste\" src=\"http:\/\/lsdo-dw.ayaline.com:80\/fichiers\/categories\/icons\/4.png\" alt=\"F\u00eates et manifestations\" title=\"F\u00eates et manifestations\" \/>Concert &#8211; Thomas Enhco<\/a><\/h2>\n<div class=\"ayaline_sit_ville_item_liste\"><strong>LES SABLES D&rsquo;OLONNE<\/strong><\/div>\n<p class=\"ayaline_sit_commentaire_item_liste\">Thomas Enhco est de cette g\u00e9n\u00e9ration de pianiste \u00e0 360\u00b0 ! Il n\u2019a pas 30 ans mais a d\u00e9j\u00e0 jou\u00e9 avec \u2026<\/p>\n<div class=\"ayaline_sit_ligne_date ayaline_sit_premiere_ligne_date\"><span>Le\u00a0<strong>05\/02\/2022<\/strong><\/span><\/div>\n<\/div>\n<div class=\"ayaline_sit_overflow_hidden\"><a class=\"ayaline_sit_en_savoir_plus\" target=\"_blank\" href=\"https:\/\/www.lessablesdolonne-tourisme.com\/Fiche\/Detail\/30205\/Decouvrir~Agenda-Evenements~Tout-l-agenda\" rel=\"#f30205 noopener\" title=\"En savoir plus sur\u00a0:\u00a0Concert - Thomas Enhco\"><span class=\"ayaline_sit_triangle ayaline_sit_triangle_blanc\">\u00a0<\/span>En savoir plus<\/a><\/div>\n<\/div>\n<div class=\"ayaline_sit_clear_both\"><\/div>\n<\/li>\n<li><a target=\"_blank\" href=\"https:\/\/www.lessablesdolonne-tourisme.com\/Fiche\/Detail\/32247\/Decouvrir~Agenda-Evenements~Tout-l-agenda\" rel=\"#f32247 noopener\"><img decoding=\"async\" alt=\"\" loading=\"lazy\" width=\"180\" src=\"https:\/\/lsdo-dw.ayaline.com\/servlets\/Web?tache=TraitementImage&amp;idP=32247&amp;no=1&amp;l=180\" \/><\/a>\n<div class=\"ayaline_sit_contenu_item_liste\">\n<div style=\"margin-left: 190px;\">\n<h2><a target=\"_blank\" href=\"https:\/\/www.lessablesdolonne-tourisme.com\/Fiche\/Detail\/32247\/Decouvrir~Agenda-Evenements~Tout-l-agenda\" rel=\"#f32247 noopener\"><img decoding=\"async\" class=\"ayaline_sit_categorie_item_liste\" src=\"http:\/\/lsdo-dw.ayaline.com:80\/fichiers\/categories\/icons\/4.png\" alt=\"F\u00eates et manifestations\" title=\"F\u00eates et manifestations\" \/>Exposition Juliette Roche \u00ab L\u2019insolite \u00bb <\/a><\/h2>\n<div class=\"ayaline_sit_ville_item_liste\"><strong>LES SABLES D&rsquo;OLONNE<\/strong><\/div>\n<p class=\"ayaline_sit_commentaire_item_liste\">Juliette Roche (1884-1980), \u00e9pouse du peintre cubiste Albert Gleizes, \u00e9tait elle-m\u00eame artiste et \u2026<\/p>\n<div class=\"ayaline_sit_ligne_date ayaline_sit_premiere_ligne_date\"><span>Du\u00a0<strong>06\/02\/2022<\/strong> au\u00a0<strong>22\/05\/2022<\/strong><\/span><\/div>\n<\/div>\n<div class=\"ayaline_sit_overflow_hidden\"><a class=\"ayaline_sit_en_savoir_plus\" target=\"_blank\" href=\"https:\/\/www.lessablesdolonne-tourisme.com\/Fiche\/Detail\/32247\/Decouvrir~Agenda-Evenements~Tout-l-agenda\" rel=\"#f32247 noopener\" title=\"En savoir plus sur\u00a0:\u00a0Exposition Juliette Roche \u00ab L\u2019insolite \u00bb \"><span class=\"ayaline_sit_triangle ayaline_sit_triangle_blanc\">\u00a0<\/span>En savoir plus<\/a><\/div>\n<\/div>\n<div class=\"ayaline_sit_clear_both\"><\/div>\n<\/li>\n<li><a target=\"_blank\" href=\"https:\/\/www.lessablesdolonne-tourisme.com\/Fiche\/Detail\/28401\/Decouvrir~Agenda-Evenements~Tout-l-agenda\" rel=\"#f28401 noopener\"><img decoding=\"async\" alt=\"\" loading=\"lazy\" width=\"180\" src=\"https:\/\/lsdo-dw.ayaline.com\/servlets\/Web?tache=TraitementImage&amp;idP=28401&amp;no=1&amp;l=180\" \/><\/a>\n<div class=\"ayaline_sit_contenu_item_liste\">\n<div style=\"margin-left: 190px;\">\n<h2><a target=\"_blank\" href=\"https:\/\/www.lessablesdolonne-tourisme.com\/Fiche\/Detail\/28401\/Decouvrir~Agenda-Evenements~Tout-l-agenda\" rel=\"#f28401 noopener\"><img decoding=\"async\" class=\"ayaline_sit_categorie_item_liste\" src=\"http:\/\/lsdo-dw.ayaline.com:80\/fichiers\/categories\/icons\/4.png\" alt=\"F\u00eates et manifestations\" title=\"F\u00eates et manifestations\" \/>Festival de Magie &#8211; Simplement&#8230;Magique !<\/a><\/h2>\n<div class=\"ayaline_sit_ville_item_liste\"><strong>SAINT MATHURIN<\/strong><\/div>\n<p class=\"ayaline_sit_commentaire_item_liste\">J\u00e9rome Sauloup \u00ab Simplement\u2026 Magique \u00bb Rencontre avec un magicien aux tours in\u00e9dits et \u2026<\/p>\n<div class=\"ayaline_sit_ligne_date ayaline_sit_premiere_ligne_date\"><span>Le\u00a0<strong>09\/02\/2022<\/strong><\/span><\/div>\n<\/div>\n<div class=\"ayaline_sit_overflow_hidden\"><a class=\"ayaline_sit_en_savoir_plus\" target=\"_blank\" href=\"https:\/\/www.lessablesdolonne-tourisme.com\/Fiche\/Detail\/28401\/Decouvrir~Agenda-Evenements~Tout-l-agenda\" rel=\"#f28401 noopener\" title=\"En savoir plus sur\u00a0:\u00a0Festival de Magie - Simplement...Magique !\"><span class=\"ayaline_sit_triangle ayaline_sit_triangle_blanc\">\u00a0<\/span>En savoir plus<\/a><\/div>\n<\/div>\n<div class=\"ayaline_sit_clear_both\"><\/div>\n<\/li>\n<li><a target=\"_blank\" href=\"https:\/\/www.lessablesdolonne-tourisme.com\/Fiche\/Detail\/32619\/Decouvrir~Agenda-Evenements~Tout-l-agenda\" rel=\"#f32619 noopener\"><img decoding=\"async\" alt=\"\" loading=\"lazy\" width=\"180\" src=\"https:\/\/lsdo-dw.ayaline.com\/servlets\/Web?tache=TraitementImage&amp;idP=32619&amp;no=1&amp;l=180\" \/><\/a>\n<div class=\"ayaline_sit_contenu_item_liste\">\n<div style=\"margin-left: 190px;\">\n<h2><a target=\"_blank\" href=\"https:\/\/www.lessablesdolonne-tourisme.com\/Fiche\/Detail\/32619\/Decouvrir~Agenda-Evenements~Tout-l-agenda\" rel=\"#f32619 noopener\"><img decoding=\"async\" class=\"ayaline_sit_categorie_item_liste\" src=\"http:\/\/lsdo-dw.ayaline.com:80\/fichiers\/categories\/icons\/4.png\" alt=\"F\u00eates et manifestations\" title=\"F\u00eates et manifestations\" \/>Spectacle musical &#8211; Juliette Drouet<\/a><\/h2>\n<div class=\"ayaline_sit_ville_item_liste\"><strong>LES SABLES D&rsquo;OLONNE<\/strong><\/div>\n<p class=\"ayaline_sit_commentaire_item_liste\">Mais qu\u2019est-ce qui va donc pousser Kareen Claire \u00e0 jouer un spectacle sur Juliette Drouet ? \u2026<\/p>\n<div class=\"ayaline_sit_ligne_date ayaline_sit_premiere_ligne_date\"><span>Le\u00a0<strong>11\/02\/2022<\/strong><\/span><\/div>\n<\/div>\n<div class=\"ayaline_sit_overflow_hidden\"><a class=\"ayaline_sit_en_savoir_plus\" target=\"_blank\" href=\"https:\/\/www.lessablesdolonne-tourisme.com\/Fiche\/Detail\/32619\/Decouvrir~Agenda-Evenements~Tout-l-agenda\" rel=\"#f32619 noopener\" title=\"En savoir plus sur\u00a0:\u00a0Spectacle musical - Juliette Drouet\"><span class=\"ayaline_sit_triangle ayaline_sit_triangle_blanc\">\u00a0<\/span>En savoir plus<\/a><\/div>\n<\/div>\n<div class=\"ayaline_sit_clear_both\"><\/div>\n<\/li>\n<li><a target=\"_blank\" href=\"https:\/\/www.lessablesdolonne-tourisme.com\/Fiche\/Detail\/32249\/Decouvrir~Agenda-Evenements~Tout-l-agenda\" rel=\"#f32249 noopener\"><img decoding=\"async\" alt=\"\" loading=\"lazy\" width=\"180\" src=\"https:\/\/lsdo-dw.ayaline.com\/servlets\/Web?tache=TraitementImage&amp;idP=32249&amp;no=1&amp;l=180\" \/><\/a>\n<div class=\"ayaline_sit_contenu_item_liste\">\n<div style=\"margin-left: 190px;\">\n<h2><a target=\"_blank\" href=\"https:\/\/www.lessablesdolonne-tourisme.com\/Fiche\/Detail\/32249\/Decouvrir~Agenda-Evenements~Tout-l-agenda\" rel=\"#f32249 noopener\"><img decoding=\"async\" class=\"ayaline_sit_categorie_item_liste\" src=\"http:\/\/lsdo-dw.ayaline.com:80\/fichiers\/categories\/icons\/4.png\" alt=\"F\u00eates et manifestations\" title=\"F\u00eates et manifestations\" \/>Visite guid\u00e9e de l&rsquo;exposition Juliette Roche \u00ab L\u2019insolite \u00bb <\/a><\/h2>\n<div class=\"ayaline_sit_ville_item_liste\"><strong>LES SABLES D&rsquo;OLONNE<\/strong><\/div>\n<p class=\"ayaline_sit_commentaire_item_liste\">Portrait, autoportrait, paysage, sc\u00e8ne de genre, nature morte&#8230; L\u2019\u0153uvre de Juliette Roche n&rsquo;aura \u2026<\/p>\n<div class=\"ayaline_sit_ligne_date ayaline_sit_premiere_ligne_date\"><span>Le\u00a0<strong>12\/02\/2022<\/strong><\/span> <a class=\"ayaline_sit_plus_de_dates\" title=\"Plus de dates\">Plus de dates<\/a><\/div>\n<div class=\"ayaline_sit_ligne_date\"><span>Le\u00a0<strong>27\/02\/2022<\/strong><\/span><\/div>\n<div class=\"ayaline_sit_ligne_date\"><span>Le\u00a0<strong>05\/03\/2022<\/strong><\/span><\/div>\n<div class=\"ayaline_sit_ligne_date\"><span>Le\u00a0<strong>20\/03\/2022<\/strong><\/span><\/div>\n<div class=\"ayaline_sit_ligne_date\"><span>Le\u00a0<strong>10\/04\/2022<\/strong><\/span><\/div>\n<div class=\"ayaline_sit_ligne_date\"><span>Le\u00a0<strong>23\/04\/2022<\/strong><\/span><\/div>\n<div class=\"ayaline_sit_ligne_date\"><span>Le\u00a0<strong>07\/05\/2022<\/strong><\/span><\/div>\n<div class=\"ayaline_sit_ligne_date\"><span>Le\u00a0<strong>22\/05\/2022<\/strong><\/span><\/div>\n<\/div>\n<div class=\"ayaline_sit_overflow_hidden\"><a class=\"ayaline_sit_en_savoir_plus\" target=\"_blank\" href=\"https:\/\/www.lessablesdolonne-tourisme.com\/Fiche\/Detail\/32249\/Decouvrir~Agenda-Evenements~Tout-l-agenda\" rel=\"#f32249 noopener\" title=\"En savoir plus sur\u00a0:\u00a0Visite guid\u00e9e de l&#039;exposition Juliette Roche \u00ab L\u2019insolite \u00bb  \"><span class=\"ayaline_sit_triangle ayaline_sit_triangle_blanc\">\u00a0<\/span>En savoir plus<\/a><\/div>\n<\/div>\n<div class=\"ayaline_sit_clear_both\"><\/div>\n<\/li>\n<li><a target=\"_blank\" href=\"https:\/\/www.lessablesdolonne-tourisme.com\/Fiche\/Detail\/32698\/Decouvrir~Agenda-Evenements~Tout-l-agenda\" rel=\"#f32698 noopener\"><img decoding=\"async\" alt=\"\" loading=\"lazy\" width=\"180\" src=\"https:\/\/lsdo-dw.ayaline.com\/servlets\/Web?tache=TraitementImage&amp;idP=32698&amp;no=1&amp;l=180\" \/><\/a>\n<div class=\"ayaline_sit_contenu_item_liste\">\n<div style=\"margin-left: 190px;\">\n<h2><a target=\"_blank\" href=\"https:\/\/www.lessablesdolonne-tourisme.com\/Fiche\/Detail\/32698\/Decouvrir~Agenda-Evenements~Tout-l-agenda\" rel=\"#f32698 noopener\"><img decoding=\"async\" class=\"ayaline_sit_categorie_item_liste\" src=\"http:\/\/lsdo-dw.ayaline.com:80\/fichiers\/categories\/icons\/4.png\" alt=\"F\u00eates et manifestations\" title=\"F\u00eates et manifestations\" \/>Conf\u00e9rence &#8211; Protection des oc\u00e9ans <\/a><\/h2>\n<div class=\"ayaline_sit_ville_item_liste\"><strong>LES SABLES D&rsquo;OLONNE<\/strong><\/div>\n<p class=\"ayaline_sit_commentaire_item_liste\">Conf\u00e9rence-d\u00e9bat par Yvan Bourgnon sur le th\u00e8me de la protection des Oc\u00e9ans et pr\u00e9sentation de \u2026<\/p>\n<div class=\"ayaline_sit_ligne_date ayaline_sit_premiere_ligne_date\"><span>Le\u00a0<strong>14\/02\/2022<\/strong><\/span><\/div>\n<\/div>\n<div class=\"ayaline_sit_overflow_hidden\"><a class=\"ayaline_sit_en_savoir_plus\" target=\"_blank\" href=\"https:\/\/www.lessablesdolonne-tourisme.com\/Fiche\/Detail\/32698\/Decouvrir~Agenda-Evenements~Tout-l-agenda\" rel=\"#f32698 noopener\" title=\"En savoir plus sur\u00a0:\u00a0Conf\u00e9rence - Protection des oc\u00e9ans \"><span class=\"ayaline_sit_triangle ayaline_sit_triangle_blanc\">\u00a0<\/span>En savoir plus<\/a><\/div>\n<\/div>\n<div class=\"ayaline_sit_clear_both\"><\/div>\n<\/li>\n<li><a target=\"_blank\" href=\"https:\/\/www.lessablesdolonne-tourisme.com\/Fiche\/Detail\/28402\/Decouvrir~Agenda-Evenements~Tout-l-agenda\" rel=\"#f28402 noopener\"><img decoding=\"async\" alt=\"\" loading=\"lazy\" width=\"180\" src=\"https:\/\/lsdo-dw.ayaline.com\/servlets\/Web?tache=TraitementImage&amp;idP=28402&amp;no=1&amp;l=180\" \/><\/a>\n<div class=\"ayaline_sit_contenu_item_liste\">\n<div style=\"margin-left: 190px;\">\n<h2><a target=\"_blank\" href=\"https:\/\/www.lessablesdolonne-tourisme.com\/Fiche\/Detail\/28402\/Decouvrir~Agenda-Evenements~Tout-l-agenda\" rel=\"#f28402 noopener\"><img decoding=\"async\" class=\"ayaline_sit_categorie_item_liste\" src=\"http:\/\/lsdo-dw.ayaline.com:80\/fichiers\/categories\/icons\/4.png\" alt=\"F\u00eates et manifestations\" title=\"F\u00eates et manifestations\" \/>Festival de Magie &#8211; La potion de P\u00e9tram<\/a><\/h2>\n<div class=\"ayaline_sit_ville_item_liste\"><strong>L&rsquo;ILE D&rsquo;OLONNE<\/strong><\/div>\n<p class=\"ayaline_sit_commentaire_item_liste\">K\u00e9vin Nain &amp; Mehdi Ouazzani \u00ab La potion de Petram \u00bb Conte m\u00e9di\u00e9val-fantastique m\u00ealant th\u00e9\u00e2tre et \u2026<\/p>\n<div class=\"ayaline_sit_ligne_date ayaline_sit_premiere_ligne_date\"><span>Le\u00a0<strong>16\/02\/2022<\/strong><\/span><\/div>\n<\/div>\n<div class=\"ayaline_sit_overflow_hidden\"><a class=\"ayaline_sit_en_savoir_plus\" target=\"_blank\" href=\"https:\/\/www.lessablesdolonne-tourisme.com\/Fiche\/Detail\/28402\/Decouvrir~Agenda-Evenements~Tout-l-agenda\" rel=\"#f28402 noopener\" title=\"En savoir plus sur\u00a0:\u00a0Festival de Magie - La potion de P\u00e9tram\"><span class=\"ayaline_sit_triangle ayaline_sit_triangle_blanc\">\u00a0<\/span>En savoir plus<\/a><\/div>\n<\/div>\n<div class=\"ayaline_sit_clear_both\"><\/div>\n<\/li>\n<li><a target=\"_blank\" href=\"https:\/\/www.lessablesdolonne-tourisme.com\/Fiche\/Detail\/32189\/Decouvrir~Agenda-Evenements~Tout-l-agenda\" rel=\"#f32189 noopener\"><img decoding=\"async\" alt=\"\" loading=\"lazy\" width=\"180\" src=\"https:\/\/lsdo-dw.ayaline.com\/servlets\/Web?tache=TraitementImage&amp;idP=32189&amp;no=1&amp;l=180\" \/><\/a>\n<div class=\"ayaline_sit_contenu_item_liste\">\n<div style=\"margin-left: 190px;\">\n<h2><a target=\"_blank\" href=\"https:\/\/www.lessablesdolonne-tourisme.com\/Fiche\/Detail\/32189\/Decouvrir~Agenda-Evenements~Tout-l-agenda\" rel=\"#f32189 noopener\"><img decoding=\"async\" class=\"ayaline_sit_categorie_item_liste\" src=\"http:\/\/lsdo-dw.ayaline.com:80\/fichiers\/categories\/icons\/4.png\" alt=\"F\u00eates et manifestations\" title=\"F\u00eates et manifestations\" \/>Festival de Magie<\/a><\/h2>\n<div class=\"ayaline_sit_ville_item_liste\"><strong>LES SABLES D&rsquo;OLONNE<\/strong><\/div>\n<p class=\"ayaline_sit_commentaire_item_liste\">Philippe Bonnemann, directeur artistique du Festival, propose une tr\u00e8s belle s\u00e9lection d\u2019artistes \u2026<\/p>\n<div class=\"ayaline_sit_ligne_date ayaline_sit_premiere_ligne_date\"><span>Le\u00a0<strong>20\/02\/2022<\/strong><\/span><\/div>\n<\/div>\n<div class=\"ayaline_sit_overflow_hidden\"><a class=\"ayaline_sit_en_savoir_plus\" target=\"_blank\" href=\"https:\/\/www.lessablesdolonne-tourisme.com\/Fiche\/Detail\/32189\/Decouvrir~Agenda-Evenements~Tout-l-agenda\" rel=\"#f32189 noopener\" title=\"En savoir plus sur\u00a0:\u00a0Festival de Magie\"><span class=\"ayaline_sit_triangle ayaline_sit_triangle_blanc\">\u00a0<\/span>En savoir plus<\/a><\/div>\n<\/div>\n<div class=\"ayaline_sit_clear_both\"><\/div>\n<\/li>\n<li><a target=\"_blank\" href=\"https:\/\/www.lessablesdolonne-tourisme.com\/Fiche\/Detail\/28403\/Decouvrir~Agenda-Evenements~Tout-l-agenda\" rel=\"#f28403 noopener\"><img decoding=\"async\" alt=\"\" loading=\"lazy\" width=\"180\" src=\"https:\/\/lsdo-dw.ayaline.com\/servlets\/Web?tache=TraitementImage&amp;idP=28403&amp;no=1&amp;l=180\" \/><\/a>\n<div class=\"ayaline_sit_contenu_item_liste\">\n<div style=\"margin-left: 190px;\">\n<h2><a target=\"_blank\" href=\"https:\/\/www.lessablesdolonne-tourisme.com\/Fiche\/Detail\/28403\/Decouvrir~Agenda-Evenements~Tout-l-agenda\" rel=\"#f28403 noopener\"><img decoding=\"async\" class=\"ayaline_sit_categorie_item_liste\" src=\"http:\/\/lsdo-dw.ayaline.com:80\/fichiers\/categories\/icons\/4.png\" alt=\"F\u00eates et manifestations\" title=\"F\u00eates et manifestations\" \/>Festival de Magie &#8211; Viens voir les magiciens<\/a><\/h2>\n<div class=\"ayaline_sit_ville_item_liste\"><strong>VAIRE<\/strong><\/div>\n<p class=\"ayaline_sit_commentaire_item_liste\">Jan Madd &amp; Chantal \u00ab Viens voir les magiciens \u00bb Jan Madd &amp; Chantal invitent petits et grands \u00e0 \u2026<\/p>\n<div class=\"ayaline_sit_ligne_date ayaline_sit_premiere_ligne_date\"><span>Le\u00a0<strong>23\/02\/2022<\/strong><\/span><\/div>\n<\/div>\n<div class=\"ayaline_sit_overflow_hidden\"><a class=\"ayaline_sit_en_savoir_plus\" target=\"_blank\" href=\"https:\/\/www.lessablesdolonne-tourisme.com\/Fiche\/Detail\/28403\/Decouvrir~Agenda-Evenements~Tout-l-agenda\" rel=\"#f28403 noopener\" title=\"En savoir plus sur\u00a0:\u00a0Festival de Magie - Viens voir les magiciens\"><span class=\"ayaline_sit_triangle ayaline_sit_triangle_blanc\">\u00a0<\/span>En savoir plus<\/a><\/div>\n<\/div>\n<div class=\"ayaline_sit_clear_both\"><\/div>\n<\/li>\n<li><a target=\"_blank\" href=\"https:\/\/www.lessablesdolonne-tourisme.com\/Fiche\/Detail\/32248\/Decouvrir~Agenda-Evenements~Tout-l-agenda\" rel=\"#f32248 noopener\"><img decoding=\"async\" alt=\"\" loading=\"lazy\" width=\"180\" src=\"https:\/\/lsdo-dw.ayaline.com\/servlets\/Web?tache=TraitementImage&amp;idP=32248&amp;no=1&amp;l=180\" \/><\/a>\n<div class=\"ayaline_sit_contenu_item_liste\">\n<div style=\"margin-left: 190px;\">\n<h2><a target=\"_blank\" href=\"https:\/\/www.lessablesdolonne-tourisme.com\/Fiche\/Detail\/32248\/Decouvrir~Agenda-Evenements~Tout-l-agenda\" rel=\"#f32248 noopener\"><img decoding=\"async\" class=\"ayaline_sit_categorie_item_liste\" src=\"http:\/\/lsdo-dw.ayaline.com:80\/fichiers\/categories\/icons\/4.png\" alt=\"F\u00eates et manifestations\" title=\"F\u00eates et manifestations\" \/>Conf\u00e9rence \u00ab Un couple d\u2019artistes : Juliette Roche et Albert Gleizes \u00bb<\/a><\/h2>\n<div class=\"ayaline_sit_ville_item_liste\"><strong>LES SABLES D&rsquo;OLONNE<\/strong><\/div>\n<p class=\"ayaline_sit_commentaire_item_liste\">Conf\u00e9rence de Christian Briend. Dans le cadre de l&rsquo;exposition Juliette Roche \u00a0\u00bb L&rsquo;insolite \u00a0\u00bb \u2026<\/p>\n<div class=\"ayaline_sit_ligne_date ayaline_sit_premiere_ligne_date\"><span>Le\u00a0<strong>24\/02\/2022<\/strong><\/span><\/div>\n<\/div>\n<div class=\"ayaline_sit_overflow_hidden\"><a class=\"ayaline_sit_en_savoir_plus\" target=\"_blank\" href=\"https:\/\/www.lessablesdolonne-tourisme.com\/Fiche\/Detail\/32248\/Decouvrir~Agenda-Evenements~Tout-l-agenda\" rel=\"#f32248 noopener\" title=\"En savoir plus sur\u00a0:\u00a0Conf\u00e9rence \u00ab Un couple d\u2019artistes : Juliette Roche et Albert Gleizes \u00bb\"><span class=\"ayaline_sit_triangle ayaline_sit_triangle_blanc\">\u00a0<\/span>En savoir plus<\/a><\/div>\n<\/div>\n<div class=\"ayaline_sit_clear_both\"><\/div>\n<\/li>\n<li><a target=\"_blank\" href=\"https:\/\/www.lessablesdolonne-tourisme.com\/Fiche\/Detail\/32122\/Decouvrir~Agenda-Evenements~Tout-l-agenda\" rel=\"#f32122 noopener\"><img decoding=\"async\" alt=\"\" loading=\"lazy\" width=\"180\" src=\"https:\/\/lsdo-dw.ayaline.com\/servlets\/Web?tache=TraitementImage&amp;idP=32122&amp;no=1&amp;l=180\" \/><\/a>\n<div class=\"ayaline_sit_contenu_item_liste\">\n<div style=\"margin-left: 190px;\">\n<h2><a target=\"_blank\" href=\"https:\/\/www.lessablesdolonne-tourisme.com\/Fiche\/Detail\/32122\/Decouvrir~Agenda-Evenements~Tout-l-agenda\" rel=\"#f32122 noopener\"><img decoding=\"async\" class=\"ayaline_sit_categorie_item_liste\" src=\"http:\/\/lsdo-dw.ayaline.com:80\/fichiers\/categories\/icons\/4.png\" alt=\"F\u00eates et manifestations\" title=\"F\u00eates et manifestations\" \/>Festival de Magie<\/a><\/h2>\n<div class=\"ayaline_sit_ville_item_liste\"><strong>LES SABLES D&rsquo;OLONNE<\/strong><\/div>\n<p class=\"ayaline_sit_commentaire_item_liste\">Philippe Bonnemann, directeur artistique du Festival, propose une tr\u00e8s belle s\u00e9lection d\u2019artistes \u2026<\/p>\n<div class=\"ayaline_sit_ligne_date ayaline_sit_premiere_ligne_date\"><span>Le\u00a0<strong>25\/02\/2022<\/strong><\/span><\/div>\n<\/div>\n<div class=\"ayaline_sit_overflow_hidden\"><a class=\"ayaline_sit_en_savoir_plus\" target=\"_blank\" href=\"https:\/\/www.lessablesdolonne-tourisme.com\/Fiche\/Detail\/32122\/Decouvrir~Agenda-Evenements~Tout-l-agenda\" rel=\"#f32122 noopener\" title=\"En savoir plus sur\u00a0:\u00a0Festival de Magie\"><span class=\"ayaline_sit_triangle ayaline_sit_triangle_blanc\">\u00a0<\/span>En savoir plus<\/a><\/div>\n<\/div>\n<div class=\"ayaline_sit_clear_both\"><\/div>\n<\/li>\n<li><a target=\"_blank\" href=\"https:\/\/www.lessablesdolonne-tourisme.com\/Fiche\/Detail\/32190\/Decouvrir~Agenda-Evenements~Tout-l-agenda\" rel=\"#f32190 noopener\"><img decoding=\"async\" alt=\"\" loading=\"lazy\" width=\"180\" src=\"https:\/\/lsdo-dw.ayaline.com\/servlets\/Web?tache=TraitementImage&amp;idP=32190&amp;no=1&amp;l=180\" \/><\/a>\n<div class=\"ayaline_sit_contenu_item_liste\">\n<div style=\"margin-left: 190px;\">\n<h2><a target=\"_blank\" href=\"https:\/\/www.lessablesdolonne-tourisme.com\/Fiche\/Detail\/32190\/Decouvrir~Agenda-Evenements~Tout-l-agenda\" rel=\"#f32190 noopener\"><img decoding=\"async\" class=\"ayaline_sit_categorie_item_liste\" src=\"http:\/\/lsdo-dw.ayaline.com:80\/fichiers\/categories\/icons\/4.png\" alt=\"F\u00eates et manifestations\" title=\"F\u00eates et manifestations\" \/>Festival de Magie<\/a><\/h2>\n<div class=\"ayaline_sit_ville_item_liste\"><strong>LES SABLES D&rsquo;OLONNE<\/strong><\/div>\n<p class=\"ayaline_sit_commentaire_item_liste\">Philippe Bonnemann, directeur artistique du Festival, propose une tr\u00e8s belle s\u00e9lection d\u2019artistes \u2026<\/p>\n<div class=\"ayaline_sit_ligne_date ayaline_sit_premiere_ligne_date\"><span>Le\u00a0<strong>26\/02\/2022<\/strong><\/span><\/div>\n<\/div>\n<div class=\"ayaline_sit_overflow_hidden\"><a class=\"ayaline_sit_en_savoir_plus\" target=\"_blank\" href=\"https:\/\/www.lessablesdolonne-tourisme.com\/Fiche\/Detail\/32190\/Decouvrir~Agenda-Evenements~Tout-l-agenda\" rel=\"#f32190 noopener\" title=\"En savoir plus sur\u00a0:\u00a0Festival de Magie\"><span class=\"ayaline_sit_triangle ayaline_sit_triangle_blanc\">\u00a0<\/span>En savoir plus<\/a><\/div>\n<\/div>\n<div class=\"ayaline_sit_clear_both\"><\/div>\n<\/li>\n<li><a target=\"_blank\" href=\"https:\/\/www.lessablesdolonne-tourisme.com\/Fiche\/Detail\/32126\/Decouvrir~Agenda-Evenements~Tout-l-agenda\" rel=\"#f32126 noopener\"><img decoding=\"async\" alt=\"\" loading=\"lazy\" width=\"180\" src=\"https:\/\/lsdo-dw.ayaline.com\/servlets\/Web?tache=TraitementImage&amp;idP=32126&amp;no=1&amp;l=180\" \/><\/a>\n<div class=\"ayaline_sit_contenu_item_liste\">\n<div style=\"margin-left: 190px;\">\n<h2><a target=\"_blank\" href=\"https:\/\/www.lessablesdolonne-tourisme.com\/Fiche\/Detail\/32126\/Decouvrir~Agenda-Evenements~Tout-l-agenda\" rel=\"#f32126 noopener\"><img decoding=\"async\" class=\"ayaline_sit_categorie_item_liste\" src=\"http:\/\/lsdo-dw.ayaline.com:80\/fichiers\/categories\/icons\/4.png\" alt=\"F\u00eates et manifestations\" title=\"F\u00eates et manifestations\" \/>Festival de Magie<\/a><\/h2>\n<div class=\"ayaline_sit_ville_item_liste\"><strong>LES SABLES D&rsquo;OLONNE<\/strong><\/div>\n<p class=\"ayaline_sit_commentaire_item_liste\">Philippe Bonnemann, directeur artistique du Festival, propose une tr\u00e8s belle s\u00e9lection d\u2019artistes \u2026<\/p>\n<div class=\"ayaline_sit_ligne_date ayaline_sit_premiere_ligne_date\"><span>Le\u00a0<strong>27\/02\/2022<\/strong><\/span><\/div>\n<\/div>\n<div class=\"ayaline_sit_overflow_hidden\"><a class=\"ayaline_sit_en_savoir_plus\" target=\"_blank\" href=\"https:\/\/www.lessablesdolonne-tourisme.com\/Fiche\/Detail\/32126\/Decouvrir~Agenda-Evenements~Tout-l-agenda\" rel=\"#f32126 noopener\" title=\"En savoir plus sur\u00a0:\u00a0Festival de Magie\"><span class=\"ayaline_sit_triangle ayaline_sit_triangle_blanc\">\u00a0<\/span>En savoir plus<\/a><\/div>\n<\/div>\n<div class=\"ayaline_sit_clear_both\"><\/div>\n<\/li>\n<\/ul>\n<div class=\"ayaline_sit_pagination\">\u2039\u2039<span> \u2013 <\/span>\u2039<span> \u2013 <\/span><span><strong title=\"Page\u00a01\">1<\/strong><span> \u2013 <\/span><a class=\"ayaline_sit_page_numero ayaline_sit_pagination_faite\" rel=\"2\" title=\"Page\u00a02\" id=\"ext-gen1026\"><\/a>2<span> \u2013 <\/span><a class=\"ayaline_sit_page_numero ayaline_sit_pagination_faite\" rel=\"3\" title=\"Page\u00a03\" id=\"ext-gen1027\"><\/a>3<span> \u2013 <\/span><a class=\"ayaline_sit_page_numero ayaline_sit_pagination_faite\" rel=\"4\" title=\"Page\u00a04\" id=\"ext-gen1028\"><\/a>4<\/span><span> \u2013 <\/span><a class=\"ayaline_sit_page_suivante ayaline_sit_pagination_faite\" title=\"Page suivante\" id=\"ext-gen1029\"><\/a>\u203a<span> \u2013 <\/span><a class=\"ayaline_sit_derniere_page ayaline_sit_pagination_faite\" title=\"Derni\u00e8re page\" id=\"ext-gen1030\"><\/a>\u203a\u203a<\/div>\n<\/div>\n<div style=\"font-size: 11px !important;\">Information fournie par : <a href=\"https:\/\/www.lessablesdolonne-tourisme.com\" target=\"_blank\" style=\"color: black !important; text-decoration: underline !important;\" rel=\"noopener\"><strong>Les Sables d&rsquo;Olonne<\/strong><\/a>\u00a0|\u00a0<a href=\"https:\/\/www.ayaline.com\/iTourisme\" target=\"_blank\" rel=\"noopener\"><img decoding=\"async\" src=\"https:\/\/sit-lsdo.ayaline.com\/resources\/css\/images\/petit_logo_itourisme_bleu.png\" alt=\"\u00a9 aYaline iTourisme\" title=\"R\u00e9alisation : \u00a9 aYaline iTourisme\" style=\"border: 0; vertical-align: -3px !important;\" \/><\/a><\/div>\n<\/div>\n<\/div>\n<p><script src=\"https:\/\/sit-lsdo.ayaline.com\/widget_diffusion_web.php?widget=58\"><\/script><\/p>\n<p><!-- Fin Widget SIT aYaline --><\/p>\n<\/div>\n<p>[\/et_pb_text][\/et_pb_column][\/et_pb_row][\/et_pb_section]<\/p>\n","protected":false},"excerpt":{"rendered":"<p>Les Ev\u00e8nementsAgenda &nbsp; 67\u00a0fiche(s) correspond(ent) \u00e0 votre recherche. \u2039\u2039 \u2013 \u2039 \u2013 1 \u2013 2 \u2013 3 \u2013 4 \u2013 \u203a \u2013 \u203a\u203a Exposition \u00ab\u00a0Curiosit\u00e9s\u00a0\u00bb LES SABLES D&rsquo;OLONNE La bo\u00eete, dans l\u2019art du XX\u00e8me si\u00e8cle, joue un r\u00f4le tout particulier. Presque comme un genre en \u2026 Du\u00a022\/11\/2020 au\u00a006\/03\/2022 \u00a0En savoir plus Exposition \u00ab\u00a0Les Bo\u00eetes\u00a0\u00bb d\u2019Henri Guitton LES SABLES D&rsquo;OLONNE Henri Guitton, enseignant et amateur de p\u00eache install\u00e9 aux Sables d\u2019Olonne, semble a priori bien \u2026 Du\u00a022\/11\/2020 au\u00a006\/03\/2022 \u00a0En savoir plus C\u00e9r\u00e9monie des v\u0153ux de la Ville et de l&rsquo;Agglom\u00e9ration LES SABLES D&rsquo;OLONNE Le contexte sanitaire a contraint la Ville et l&rsquo;Agglo \u00e0 repenser la traditionnelle c\u00e9r\u00e9monie de \u2026 Le\u00a028\/01\/2022 \u00a0En savoir plus Danse &#8211; N\u2019Speak Easy LES SABLES D&rsquo;OLONNE Les champions du monde de danse hip hop revisitent l\u2019\u00e9poque de la prohibition. Dance N\u2019 Speak Easy \u2026 Le\u00a028\/01\/2022 \u00a0En savoir plus Th\u00e9\u00e2tre &#8211; Marie des Poules LES SABLES D&rsquo;OLONNE George Sand et Marie Caillaud : 2 femmes, 2 destins, un m\u00eame combat pour la libert\u00e9 ! Lorsque, \u00e0 \u2026 Le\u00a001\/02\/2022 \u00a0En savoir plus Festival de Magie &#8211; Les Fantaisies d&rsquo;Arthur SAINTE FOY Arthur Tivoli \u00ab Les Fantaisies d\u2019Arthur \u00bb Un cocktail survitamin\u00e9 de bonne humeur. Certes il fait \u2026 Le\u00a002\/02\/2022 [&hellip;]<\/p>\n","protected":false},"author":1,"featured_media":0,"parent":0,"menu_order":0,"comment_status":"closed","ping_status":"closed","template":"","meta":{"_et_pb_use_builder":"on","_et_pb_old_content":"","_et_gb_content_width":"","footnotes":""},"class_list":["post-240854","page","type-page","status-publish","hentry"],"_links":{"self":[{"href":"https:\/\/www.museumducoquillage.com\/en\/wp-json\/wp\/v2\/pages\/240854","targetHints":{"allow":["GET"]}}],"collection":[{"href":"https:\/\/www.museumducoquillage.com\/en\/wp-json\/wp\/v2\/pages"}],"about":[{"href":"https:\/\/www.museumducoquillage.com\/en\/wp-json\/wp\/v2\/types\/page"}],"author":[{"embeddable":true,"href":"https:\/\/www.museumducoquillage.com\/en\/wp-json\/wp\/v2\/users\/1"}],"replies":[{"embeddable":true,"href":"https:\/\/www.museumducoquillage.com\/en\/wp-json\/wp\/v2\/comments?post=240854"}],"version-history":[{"count":5,"href":"https:\/\/www.museumducoquillage.com\/en\/wp-json\/wp\/v2\/pages\/240854\/revisions"}],"predecessor-version":[{"id":241436,"href":"https:\/\/www.museumducoquillage.com\/en\/wp-json\/wp\/v2\/pages\/240854\/revisions\/241436"}],"wp:attachment":[{"href":"https:\/\/www.museumducoquillage.com\/en\/wp-json\/wp\/v2\/media?parent=240854"}],"curies":[{"name":"wp","href":"https:\/\/api.w.org\/{rel}","templated":true}]}}